{"id":1078,"date":"2022-10-06T09:36:00","date_gmt":"2022-10-06T12:36:00","guid":{"rendered":"http:\/\/www.unt.edu.ar\/expount\/?page_id=1078"},"modified":"2022-10-06T09:56:36","modified_gmt":"2022-10-06T12:56:36","slug":"profesorado-en-musica-con-orientacion-en-direccion-coral","status":"publish","type":"page","link":"https:\/\/www.unt.edu.ar\/expount\/facultades-y-escuelas\/instituto-superior-de-musica\/profesorado-en-musica-con-orientacion-en-direccion-coral\/","title":{"rendered":"Profesorado en M\u00fasica con Orientaci\u00f3n en Direcci\u00f3n Coral"},"content":{"rendered":"<div class=\"wpb-content-wrapper\"><p>[vc_row wrap_container=&#8221;yes&#8221; conditional_render=&#8221;%5B%7B%22value_role%22%3A%22administrator%22%7D%5D&#8221;][vc_column width=&#8221;2\/3&#8243; conditional_render=&#8221;%5B%7B%22value_role%22%3A%22administrator%22%7D%5D&#8221;][vc_column_text]Profesora en M\u00fasica con Orientaci\u00f3n en Direcci\u00f3n Coral, el cual permite ejercer con solvencia la Docencia en M\u00fasica en Instituciones de Educaci\u00f3n Inicial, Primaria, Secundaria y Nivel Superior<\/p>\n<p><strong>Duraci\u00f3n:<\/strong> 4 a\u00f1os<\/p>\n<p><strong>Incumbencias<br \/>\n<\/strong>Ejecutar con solvencia el instrumento o la direcci\u00f3n de coros, en virtud de la Orientaci\u00f3n del Egresado<\/p>\n<p>Participar de investigaciones, elaborar planes y proyectos e integrar equipos interdisciplinarios que impliquen la generaci\u00f3n y ampliaci\u00f3n y desarrollo en el campo del conocimiento y la producci\u00f3n musical.<\/p>\n<p>Asesorar en el desarrollo de proyectos relacionados con su pr\u00e1ctica profesional, en instituciones oficiales, organizaciones no gubernamentales, fundaciones o empresas privadas ligadas a la cultura, arte, etc.<\/p>\n<p>Promover y participar de proyectos culturales que requieran el dominio de los conocimientos para la producci\u00f3n musical y eventos art\u00edsticos musicales.<\/p>\n<p><strong>Materias<\/strong><\/p>\n<p><strong><em>Primer A\u00f1o<\/em><\/strong><\/p>\n<p>Direcci\u00f3n Coral I<br \/>\nPiano para Direcci\u00f3n Coral I<br \/>\nLenguaje Musical I<br \/>\nPr\u00e1ctica Coral I<br \/>\nT\u00e9cnica Vocal<br \/>\nPsicolog\u00eda del Ni\u00f1o<br \/>\nHistoria de la M\u00fasica I<br \/>\nPedagog\u00eda Musical<br \/>\nHistoria y Pol\u00edtica de la Educaci\u00f3n Argentina<br \/>\nDid\u00e1ctica General<br \/>\nTaller de Iniciaci\u00f3n a la Pr\u00e1ctica<br \/>\nOptativa I<em>\u00a0<\/em><\/p>\n<p><strong><em>Segundo A\u00f1o<br \/>\n<\/em><\/strong>Direcci\u00f3n Coral II<br \/>\nPiano para Direcci\u00f3n Coral II<br \/>\nFon\u00e9tica y Traducci\u00f3n del Italiano<br \/>\nLenguaje Musical II<br \/>\nArmon\u00eda<br \/>\nPsicolog\u00eda del Adolescente<br \/>\nDid\u00e1ctica de la M\u00fasica I<br \/>\nHistoria de la M\u00fasica II<br \/>\nObservaciones y Pr\u00e1cticas I<br \/>\nTaller del Rol Docente<br \/>\nMetodolog\u00eda de la Investigaci\u00f3n Musical<br \/>\nOptativa II<\/p>\n<p><strong><em>Tercer A\u00f1o<br \/>\n<\/em><\/strong>Direcci\u00f3n Coral III<br \/>\nPiano para Direcci\u00f3n Coral III<br \/>\nT\u00e9cnicas Compositivas del Siglo XX<br \/>\nElementos del Contrapunto<br \/>\nTranscripci\u00f3n y Arreglos Musicales<br \/>\nInform\u00e1tica de la M\u00fasica<br \/>\nHistoria de la M\u00fasica III<br \/>\nDid\u00e1ctica de la M\u00fasica II<br \/>\nPsicolog\u00eda de la M\u00fasica<br \/>\nSociolog\u00eda de la M\u00fasica<br \/>\nObservaciones y Pr\u00e1cticas II<br \/>\nTaller de Coordinaci\u00f3n de Grupos<br \/>\nFon\u00e9tica y Traducci\u00f3n de Franc\u00e9s<br \/>\nOptativa III<\/p>\n<p><strong><em>Cuarto A\u00f1o<br \/>\n<\/em><\/strong>Direcci\u00f3n Coral IV<br \/>\nPiano para Direcci\u00f3n Coral IV<br \/>\nFon\u00e9tica y Traducci\u00f3n del Ingl\u00e9s<br \/>\nFon\u00e9tica y Traducci\u00f3n del Alem\u00e1n<br \/>\nMorfolog\u00eda Musical<br \/>\nHistoria de la M\u00fasica Argentina y Lationamericana<br \/>\nIntegraci\u00f3n de los Lenguajes Art\u00edsticos<br \/>\nEst\u00e9tica de la M\u00fasica<br \/>\nOptativa IV<\/p>\n<p><strong>Proyecto de Graduaci\u00f3n<\/strong><br \/>\n<strong>Residencia<\/strong>[\/vc_column_text][\/vc_column][vc_column][\/vc_column][\/vc_row]<\/p>\n<\/div>","protected":false},"excerpt":{"rendered":"<p>[vc_row wrap_container=&#8221;yes&#8221; conditional_render=&#8221;%5B%7B%22value_role%22%3A%22administrator%22%7D%5D&#8221;][vc_column width=&#8221;2\/3&#8243; conditional_render=&#8221;%5B%7B%22value_role%22%3A%22administrator%22%7D%5D&#8221;][vc_column_text]Profesora en M\u00fasica con Orientaci\u00f3n en Direcci\u00f3n Coral, el cual permite ejercer con solvencia la Docencia en M\u00fasica en Instituciones de Educaci\u00f3n Inicial, Primaria, Secundaria y Nivel Superior Duraci\u00f3n: 4 a\u00f1os Incumbencias Ejecutar con solvencia el instrumento o la direcci\u00f3n de coros, en virtud de la Orientaci\u00f3n del Egresado Participar de [&hellip;]<\/p>\n","protected":false},"author":1,"featured_media":0,"parent":665,"menu_order":0,"comment_status":"closed","ping_status":"closed","template":"","meta":{"footnotes":""},"class_list":["post-1078","page","type-page","status-publish","hentry"],"_links":{"self":[{"href":"https:\/\/www.unt.edu.ar\/expount\/wp-json\/wp\/v2\/pages\/1078","targetHints":{"allow":["GET"]}}],"collection":[{"href":"https:\/\/www.unt.edu.ar\/expount\/wp-json\/wp\/v2\/pages"}],"about":[{"href":"https:\/\/www.unt.edu.ar\/expount\/wp-json\/wp\/v2\/types\/page"}],"author":[{"embeddable":true,"href":"https:\/\/www.unt.edu.ar\/expount\/wp-json\/wp\/v2\/users\/1"}],"replies":[{"embeddable":true,"href":"https:\/\/www.unt.edu.ar\/expount\/wp-json\/wp\/v2\/comments?post=1078"}],"version-history":[{"count":4,"href":"https:\/\/www.unt.edu.ar\/expount\/wp-json\/wp\/v2\/pages\/1078\/revisions"}],"predecessor-version":[{"id":1387,"href":"https:\/\/www.unt.edu.ar\/expount\/wp-json\/wp\/v2\/pages\/1078\/revisions\/1387"}],"up":[{"embeddable":true,"href":"https:\/\/www.unt.edu.ar\/expount\/wp-json\/wp\/v2\/pages\/665"}],"wp:attachment":[{"href":"https:\/\/www.unt.edu.ar\/expount\/wp-json\/wp\/v2\/media?parent=1078"}],"curies":[{"name":"wp","href":"https:\/\/api.w.org\/{rel}","templated":true}]}}